{"id":5112,"date":"2025-11-27T12:15:45","date_gmt":"2025-11-27T11:15:45","guid":{"rendered":"https:\/\/amis-parc-foret-orient.fr\/wp-content\/uploads\/2025\/11\/marche-de-Noel-de-Thennelieres-2024-credit-Est-Eclair.jpeg"},"modified":"2025-11-27T12:15:45","modified_gmt":"2025-11-27T11:15:45","slug":"marche-de-noel-de-thennelieres-2024-credit-est-eclair","status":"inherit","type":"attachment","link":"https:\/\/amis-parc-foret-orient.fr\/index.php\/2025\/01\/01\/les-amis-du-parc-au-marche-de-noel-de-thennelieres\/marche-de-noel-de-thennelieres-2024-credit-est-eclair\/","title":{"rendered":"march\u00e9 de No\u00ebl de Thenneli\u00e8res 2024 &#8211; cr\u00e9dit Est-Eclair"},"author":1,"featured_media":0,"comment_status":"","ping_status":"closed","template":"","meta":[],"class_list":["post-5112","attachment","type-attachment","status-inherit","hentry"],"yoast_head":"<!-- This site is optimized with the Yoast SEO plugin v27.5 - https:\/\/yoast.com\/product\/yoast-seo-wordpress\/ -->\n<title>march\u00e9 de No\u00ebl de Thenneli\u00e8res 2024 - cr\u00e9dit Est-Eclair - Les Amis du Parc de la For\u00eat d&#039;Orient<\/title>\n<meta name=\"robots\" content=\"index, follow, max-snippet:-1, max-image-preview:large, max-video-preview:-1\" \/>\n<link rel=\"canonical\" href=\"https:\/\/amis-parc-foret-orient.fr\/wp-content\/uploads\/2025\/11\/marche-de-Noel-de-Thennelieres-2024-credit-Est-Eclair.jpeg\" \/>\n<meta property=\"og:locale\" content=\"fr_FR\" \/>\n<meta property=\"og:type\" content=\"article\" \/>\n<meta property=\"og:title\" content=\"march\u00e9 de No\u00ebl de Thenneli\u00e8res 2024 - cr\u00e9dit Est-Eclair - Les Amis du Parc de la For\u00eat d&#039;Orient\" \/>\n<meta property=\"og:url\" content=\"https:\/\/amis-parc-foret-orient.fr\/wp-content\/uploads\/2025\/11\/marche-de-Noel-de-Thennelieres-2024-credit-Est-Eclair.jpeg\" \/>\n<meta property=\"og:site_name\" content=\"Les Amis du Parc de la For\u00eat d&#039;Orient\" \/>\n<meta property=\"article:publisher\" content=\"https:\/\/www.facebook.com\/Amis.du.Parc\/\" \/>\n<meta property=\"og:image\" content=\"https:\/\/amis-parc-foret-orient.fr\/wp-content\/uploads\/2025\/11\/marche-de-Noel-de-Thennelieres-2024-credit-Est-Eclair.jpeg\" \/>\n\t<meta property=\"og:image:width\" content=\"1124\" \/>\n\t<meta property=\"og:image:height\" content=\"632\" \/>\n\t<meta property=\"og:image:type\" content=\"image\/jpeg\" \/>\n<meta name=\"twitter:card\" content=\"summary_large_image\" \/>\n<script type=\"application\/ld+json\" class=\"yoast-schema-graph\">{\"@context\":\"https:\\\/\\\/schema.org\",\"@graph\":[{\"@type\":\"WebPage\",\"@id\":\"https:\\\/\\\/amis-parc-foret-orient.fr\\\/wp-content\\\/uploads\\\/2025\\\/11\\\/marche-de-Noel-de-Thennelieres-2024-credit-Est-Eclair.jpeg\",\"url\":\"https:\\\/\\\/amis-parc-foret-orient.fr\\\/wp-content\\\/uploads\\\/2025\\\/11\\\/marche-de-Noel-de-Thennelieres-2024-credit-Est-Eclair.jpeg\",\"name\":\"march\u00e9 de No\u00ebl de Thenneli\u00e8res 2024 - cr\u00e9dit Est-Eclair - Les Amis du Parc de la For\u00eat d&#039;Orient\",\"isPartOf\":{\"@id\":\"https:\\\/\\\/amis-parc-foret-orient.fr\\\/#website\"},\"datePublished\":\"2025-11-27T11:15:45+00:00\",\"breadcrumb\":{\"@id\":\"https:\\\/\\\/amis-parc-foret-orient.fr\\\/wp-content\\\/uploads\\\/2025\\\/11\\\/marche-de-Noel-de-Thennelieres-2024-credit-Est-Eclair.jpeg#breadcrumb\"},\"inLanguage\":\"fr-FR\",\"potentialAction\":[{\"@type\":\"ReadAction\",\"target\":[\"https:\\\/\\\/amis-parc-foret-orient.fr\\\/wp-content\\\/uploads\\\/2025\\\/11\\\/marche-de-Noel-de-Thennelieres-2024-credit-Est-Eclair.jpeg\"]}]},{\"@type\":\"BreadcrumbList\",\"@id\":\"https:\\\/\\\/amis-parc-foret-orient.fr\\\/wp-content\\\/uploads\\\/2025\\\/11\\\/marche-de-Noel-de-Thennelieres-2024-credit-Est-Eclair.jpeg#breadcrumb\",\"itemListElement\":[{\"@type\":\"ListItem\",\"position\":1,\"name\":\"Home\",\"item\":\"https:\\\/\\\/amis-parc-foret-orient.fr\\\/\"},{\"@type\":\"ListItem\",\"position\":2,\"name\":\"Samedi 13 d\u00e9cembre 2025Les Amis du Parc au march\u00e9 de No\u00ebl de Thenneli\u00e8res\",\"item\":\"https:\\\/\\\/amis-parc-foret-orient.fr\\\/index.php\\\/2025\\\/01\\\/01\\\/les-amis-du-parc-au-marche-de-noel-de-thennelieres\\\/\"},{\"@type\":\"ListItem\",\"position\":3,\"name\":\"march\u00e9 de No\u00ebl de Thenneli\u00e8res 2024 &#8211; cr\u00e9dit Est-Eclair\"}]},{\"@type\":\"WebSite\",\"@id\":\"https:\\\/\\\/amis-parc-foret-orient.fr\\\/#website\",\"url\":\"https:\\\/\\\/amis-parc-foret-orient.fr\\\/\",\"name\":\"Les Amis du Parc de la For\u00eat d'Orient\",\"description\":\"\",\"publisher\":{\"@id\":\"https:\\\/\\\/amis-parc-foret-orient.fr\\\/#organization\"},\"potentialAction\":[{\"@type\":\"SearchAction\",\"target\":{\"@type\":\"EntryPoint\",\"urlTemplate\":\"https:\\\/\\\/amis-parc-foret-orient.fr\\\/?s={search_term_string}\"},\"query-input\":{\"@type\":\"PropertyValueSpecification\",\"valueRequired\":true,\"valueName\":\"search_term_string\"}}],\"inLanguage\":\"fr-FR\"},{\"@type\":\"Organization\",\"@id\":\"https:\\\/\\\/amis-parc-foret-orient.fr\\\/#organization\",\"name\":\"Les Amis du Parc de la For\u00eat d'Orient\",\"url\":\"https:\\\/\\\/amis-parc-foret-orient.fr\\\/\",\"logo\":{\"@type\":\"ImageObject\",\"inLanguage\":\"fr-FR\",\"@id\":\"https:\\\/\\\/amis-parc-foret-orient.fr\\\/#\\\/schema\\\/logo\\\/image\\\/\",\"url\":\"https:\\\/\\\/amis-parc-foret-orient.fr\\\/wp-content\\\/uploads\\\/2025\\\/08\\\/cropped-logo_amis_parc_2025_150-1-1.png\",\"contentUrl\":\"https:\\\/\\\/amis-parc-foret-orient.fr\\\/wp-content\\\/uploads\\\/2025\\\/08\\\/cropped-logo_amis_parc_2025_150-1-1.png\",\"width\":400,\"height\":175,\"caption\":\"Les Amis du Parc de la For\u00eat d'Orient\"},\"image\":{\"@id\":\"https:\\\/\\\/amis-parc-foret-orient.fr\\\/#\\\/schema\\\/logo\\\/image\\\/\"},\"sameAs\":[\"https:\\\/\\\/www.facebook.com\\\/Amis.du.Parc\\\/\"]}]}<\/script>\n<!-- \/ Yoast SEO plugin. -->","yoast_head_json":{"title":"march\u00e9 de No\u00ebl de Thenneli\u00e8res 2024 - cr\u00e9dit Est-Eclair - Les Amis du Parc de la For\u00eat d&#039;Orient","robots":{"index":"index","follow":"follow","max-snippet":"max-snippet:-1","max-image-preview":"max-image-preview:large","max-video-preview":"max-video-preview:-1"},"canonical":"https:\/\/amis-parc-foret-orient.fr\/wp-content\/uploads\/2025\/11\/marche-de-Noel-de-Thennelieres-2024-credit-Est-Eclair.jpeg","og_locale":"fr_FR","og_type":"article","og_title":"march\u00e9 de No\u00ebl de Thenneli\u00e8res 2024 - cr\u00e9dit Est-Eclair - Les Amis du Parc de la For\u00eat d&#039;Orient","og_url":"https:\/\/amis-parc-foret-orient.fr\/wp-content\/uploads\/2025\/11\/marche-de-Noel-de-Thennelieres-2024-credit-Est-Eclair.jpeg","og_site_name":"Les Amis du Parc de la For\u00eat d&#039;Orient","article_publisher":"https:\/\/www.facebook.com\/Amis.du.Parc\/","og_image":[{"width":1124,"height":632,"url":"https:\/\/amis-parc-foret-orient.fr\/wp-content\/uploads\/2025\/11\/marche-de-Noel-de-Thennelieres-2024-credit-Est-Eclair.jpeg","type":"image\/jpeg"}],"twitter_card":"summary_large_image","schema":{"@context":"https:\/\/schema.org","@graph":[{"@type":"WebPage","@id":"https:\/\/amis-parc-foret-orient.fr\/wp-content\/uploads\/2025\/11\/marche-de-Noel-de-Thennelieres-2024-credit-Est-Eclair.jpeg","url":"https:\/\/amis-parc-foret-orient.fr\/wp-content\/uploads\/2025\/11\/marche-de-Noel-de-Thennelieres-2024-credit-Est-Eclair.jpeg","name":"march\u00e9 de No\u00ebl de Thenneli\u00e8res 2024 - cr\u00e9dit Est-Eclair - Les Amis du Parc de la For\u00eat d&#039;Orient","isPartOf":{"@id":"https:\/\/amis-parc-foret-orient.fr\/#website"},"datePublished":"2025-11-27T11:15:45+00:00","breadcrumb":{"@id":"https:\/\/amis-parc-foret-orient.fr\/wp-content\/uploads\/2025\/11\/marche-de-Noel-de-Thennelieres-2024-credit-Est-Eclair.jpeg#breadcrumb"},"inLanguage":"fr-FR","potentialAction":[{"@type":"ReadAction","target":["https:\/\/amis-parc-foret-orient.fr\/wp-content\/uploads\/2025\/11\/marche-de-Noel-de-Thennelieres-2024-credit-Est-Eclair.jpeg"]}]},{"@type":"BreadcrumbList","@id":"https:\/\/amis-parc-foret-orient.fr\/wp-content\/uploads\/2025\/11\/marche-de-Noel-de-Thennelieres-2024-credit-Est-Eclair.jpeg#breadcrumb","itemListElement":[{"@type":"ListItem","position":1,"name":"Home","item":"https:\/\/amis-parc-foret-orient.fr\/"},{"@type":"ListItem","position":2,"name":"Samedi 13 d\u00e9cembre 2025Les Amis du Parc au march\u00e9 de No\u00ebl de Thenneli\u00e8res","item":"https:\/\/amis-parc-foret-orient.fr\/index.php\/2025\/01\/01\/les-amis-du-parc-au-marche-de-noel-de-thennelieres\/"},{"@type":"ListItem","position":3,"name":"march\u00e9 de No\u00ebl de Thenneli\u00e8res 2024 &#8211; cr\u00e9dit Est-Eclair"}]},{"@type":"WebSite","@id":"https:\/\/amis-parc-foret-orient.fr\/#website","url":"https:\/\/amis-parc-foret-orient.fr\/","name":"Les Amis du Parc de la For\u00eat d'Orient","description":"","publisher":{"@id":"https:\/\/amis-parc-foret-orient.fr\/#organization"},"potentialAction":[{"@type":"SearchAction","target":{"@type":"EntryPoint","urlTemplate":"https:\/\/amis-parc-foret-orient.fr\/?s={search_term_string}"},"query-input":{"@type":"PropertyValueSpecification","valueRequired":true,"valueName":"search_term_string"}}],"inLanguage":"fr-FR"},{"@type":"Organization","@id":"https:\/\/amis-parc-foret-orient.fr\/#organization","name":"Les Amis du Parc de la For\u00eat d'Orient","url":"https:\/\/amis-parc-foret-orient.fr\/","logo":{"@type":"ImageObject","inLanguage":"fr-FR","@id":"https:\/\/amis-parc-foret-orient.fr\/#\/schema\/logo\/image\/","url":"https:\/\/amis-parc-foret-orient.fr\/wp-content\/uploads\/2025\/08\/cropped-logo_amis_parc_2025_150-1-1.png","contentUrl":"https:\/\/amis-parc-foret-orient.fr\/wp-content\/uploads\/2025\/08\/cropped-logo_amis_parc_2025_150-1-1.png","width":400,"height":175,"caption":"Les Amis du Parc de la For\u00eat d'Orient"},"image":{"@id":"https:\/\/amis-parc-foret-orient.fr\/#\/schema\/logo\/image\/"},"sameAs":["https:\/\/www.facebook.com\/Amis.du.Parc\/"]}]}},"blog_post_layout_featured_media_urls":{"thumbnail":["https:\/\/amis-parc-foret-orient.fr\/wp-content\/uploads\/2025\/11\/marche-de-Noel-de-Thennelieres-2024-credit-Est-Eclair-150x150.jpeg",150,150,true],"full":["https:\/\/amis-parc-foret-orient.fr\/wp-content\/uploads\/2025\/11\/marche-de-Noel-de-Thennelieres-2024-credit-Est-Eclair.jpeg",1124,632,false]},"categories_names":null,"comments_number":"0","wpmagazine_modules_lite_featured_media_urls":{"thumbnail":["https:\/\/amis-parc-foret-orient.fr\/wp-content\/uploads\/2025\/11\/marche-de-Noel-de-Thennelieres-2024-credit-Est-Eclair-150x150.jpeg",150,150,true],"cvmm-medium":["https:\/\/amis-parc-foret-orient.fr\/wp-content\/uploads\/2025\/11\/marche-de-Noel-de-Thennelieres-2024-credit-Est-Eclair-300x300.jpeg",300,300,true],"cvmm-medium-plus":["https:\/\/amis-parc-foret-orient.fr\/wp-content\/uploads\/2025\/11\/marche-de-Noel-de-Thennelieres-2024-credit-Est-Eclair-305x207.jpeg",305,207,true],"cvmm-portrait":["https:\/\/amis-parc-foret-orient.fr\/wp-content\/uploads\/2025\/11\/marche-de-Noel-de-Thennelieres-2024-credit-Est-Eclair-400x600.jpeg",400,600,true],"cvmm-medium-square":["https:\/\/amis-parc-foret-orient.fr\/wp-content\/uploads\/2025\/11\/marche-de-Noel-de-Thennelieres-2024-credit-Est-Eclair-600x600.jpeg",600,600,true],"cvmm-large":["https:\/\/amis-parc-foret-orient.fr\/wp-content\/uploads\/2025\/11\/marche-de-Noel-de-Thennelieres-2024-credit-Est-Eclair-1024x632.jpeg",1024,632,true],"cvmm-small":["https:\/\/amis-parc-foret-orient.fr\/wp-content\/uploads\/2025\/11\/marche-de-Noel-de-Thennelieres-2024-credit-Est-Eclair-130x95.jpeg",130,95,true],"full":["https:\/\/amis-parc-foret-orient.fr\/wp-content\/uploads\/2025\/11\/marche-de-Noel-de-Thennelieres-2024-credit-Est-Eclair.jpeg",1124,632,false]},"description":{"rendered":"<p class=\"attachment\"><a href='https:\/\/amis-parc-foret-orient.fr\/wp-content\/uploads\/2025\/11\/marche-de-Noel-de-Thennelieres-2024-credit-Est-Eclair.jpeg'><img fetchpriority=\"high\" decoding=\"async\" width=\"300\" height=\"169\" src=\"https:\/\/amis-parc-foret-orient.fr\/wp-content\/uploads\/2025\/11\/marche-de-Noel-de-Thennelieres-2024-credit-Est-Eclair-300x169.jpeg\" class=\"attachment-medium size-medium\" alt=\"\" srcset=\"https:\/\/amis-parc-foret-orient.fr\/wp-content\/uploads\/2025\/11\/marche-de-Noel-de-Thennelieres-2024-credit-Est-Eclair-300x169.jpeg 300w, https:\/\/amis-parc-foret-orient.fr\/wp-content\/uploads\/2025\/11\/marche-de-Noel-de-Thennelieres-2024-credit-Est-Eclair-1024x576.jpeg 1024w, https:\/\/amis-parc-foret-orient.fr\/wp-content\/uploads\/2025\/11\/marche-de-Noel-de-Thennelieres-2024-credit-Est-Eclair-768x432.jpeg 768w, https:\/\/amis-parc-foret-orient.fr\/wp-content\/uploads\/2025\/11\/marche-de-Noel-de-Thennelieres-2024-credit-Est-Eclair.jpeg 1124w\" sizes=\"(max-width: 300px) 100vw, 300px\" \/><\/a><\/p>\n"},"caption":{"rendered":""},"alt_text":"","media_type":"image","mime_type":"image\/jpeg","media_details":{"width":1124,"height":632,"file":"2025\/11\/marche-de-Noel-de-Thennelieres-2024-credit-Est-Eclair.jpeg","filesize":127068,"sizes":{"medium":{"file":"marche-de-Noel-de-Thennelieres-2024-credit-Est-Eclair-300x169.jpeg","width":300,"height":169,"filesize":18193,"mime_type":"image\/jpeg","source_url":"https:\/\/amis-parc-foret-orient.fr\/wp-content\/uploads\/2025\/11\/marche-de-Noel-de-Thennelieres-2024-credit-Est-Eclair-300x169.jpeg"},"large":{"file":"marche-de-Noel-de-Thennelieres-2024-credit-Est-Eclair-1024x576.jpeg","width":1024,"height":576,"filesize":122227,"mime_type":"image\/jpeg","source_url":"https:\/\/amis-parc-foret-orient.fr\/wp-content\/uploads\/2025\/11\/marche-de-Noel-de-Thennelieres-2024-credit-Est-Eclair-1024x576.jpeg"},"thumbnail":{"file":"marche-de-Noel-de-Thennelieres-2024-credit-Est-Eclair-150x150.jpeg","width":150,"height":150,"filesize":8940,"mime_type":"image\/jpeg","source_url":"https:\/\/amis-parc-foret-orient.fr\/wp-content\/uploads\/2025\/11\/marche-de-Noel-de-Thennelieres-2024-credit-Est-Eclair-150x150.jpeg"},"medium_large":{"file":"marche-de-Noel-de-Thennelieres-2024-credit-Est-Eclair-768x432.jpeg","width":768,"height":432,"filesize":79305,"mime_type":"image\/jpeg","source_url":"https:\/\/amis-parc-foret-orient.fr\/wp-content\/uploads\/2025\/11\/marche-de-Noel-de-Thennelieres-2024-credit-Est-Eclair-768x432.jpeg"},"cvmm-medium":{"file":"marche-de-Noel-de-Thennelieres-2024-credit-Est-Eclair-300x300.jpeg","width":300,"height":300,"filesize":26420,"mime_type":"image\/jpeg","source_url":"https:\/\/amis-parc-foret-orient.fr\/wp-content\/uploads\/2025\/11\/marche-de-Noel-de-Thennelieres-2024-credit-Est-Eclair-300x300.jpeg"},"cvmm-medium-plus":{"file":"marche-de-Noel-de-Thennelieres-2024-credit-Est-Eclair-305x207.jpeg","width":305,"height":207,"filesize":20849,"mime_type":"image\/jpeg","source_url":"https:\/\/amis-parc-foret-orient.fr\/wp-content\/uploads\/2025\/11\/marche-de-Noel-de-Thennelieres-2024-credit-Est-Eclair-305x207.jpeg"},"cvmm-portrait":{"file":"marche-de-Noel-de-Thennelieres-2024-credit-Est-Eclair-400x600.jpeg","width":400,"height":600,"filesize":51077,"mime_type":"image\/jpeg","source_url":"https:\/\/amis-parc-foret-orient.fr\/wp-content\/uploads\/2025\/11\/marche-de-Noel-de-Thennelieres-2024-credit-Est-Eclair-400x600.jpeg"},"cvmm-medium-square":{"file":"marche-de-Noel-de-Thennelieres-2024-credit-Est-Eclair-600x600.jpeg","width":600,"height":600,"filesize":74602,"mime_type":"image\/jpeg","source_url":"https:\/\/amis-parc-foret-orient.fr\/wp-content\/uploads\/2025\/11\/marche-de-Noel-de-Thennelieres-2024-credit-Est-Eclair-600x600.jpeg"},"cvmm-large":{"file":"marche-de-Noel-de-Thennelieres-2024-credit-Est-Eclair-1024x632.jpeg","width":1024,"height":632,"filesize":136446,"mime_type":"image\/jpeg","source_url":"https:\/\/amis-parc-foret-orient.fr\/wp-content\/uploads\/2025\/11\/marche-de-Noel-de-Thennelieres-2024-credit-Est-Eclair-1024x632.jpeg"},"cvmm-small":{"file":"marche-de-Noel-de-Thennelieres-2024-credit-Est-Eclair-130x95.jpeg","width":130,"height":95,"filesize":5699,"mime_type":"image\/jpeg","source_url":"https:\/\/amis-parc-foret-orient.fr\/wp-content\/uploads\/2025\/11\/marche-de-Noel-de-Thennelieres-2024-credit-Est-Eclair-130x95.jpeg"},"edigital-home-blog":{"file":"marche-de-Noel-de-Thennelieres-2024-credit-Est-Eclair-380x240.jpeg","width":380,"height":240,"filesize":27927,"mime_type":"image\/jpeg","source_url":"https:\/\/amis-parc-foret-orient.fr\/wp-content\/uploads\/2025\/11\/marche-de-Noel-de-Thennelieres-2024-credit-Est-Eclair-380x240.jpeg"},"full":{"file":"marche-de-Noel-de-Thennelieres-2024-credit-Est-Eclair.jpeg","width":1124,"height":632,"mime_type":"image\/jpeg","source_url":"https:\/\/amis-parc-foret-orient.fr\/wp-content\/uploads\/2025\/11\/marche-de-Noel-de-Thennelieres-2024-credit-Est-Eclair.jpeg"}},"image_meta":{"aperture":"0","credit":"","camera":"","caption":"","created_timestamp":"0","copyright":"","focal_length":"0","iso":"0","shutter_speed":"0","title":"","orientation":"0","keywords":[]}},"post":5111,"source_url":"https:\/\/amis-parc-foret-orient.fr\/wp-content\/uploads\/2025\/11\/marche-de-Noel-de-Thennelieres-2024-credit-Est-Eclair.jpeg","_links":{"self":[{"href":"https:\/\/amis-parc-foret-orient.fr\/index.php\/wp-json\/wp\/v2\/media\/5112","targetHints":{"allow":["GET"]}}],"collection":[{"href":"https:\/\/amis-parc-foret-orient.fr\/index.php\/wp-json\/wp\/v2\/media"}],"about":[{"href":"https:\/\/amis-parc-foret-orient.fr\/index.php\/wp-json\/wp\/v2\/types\/attachment"}],"author":[{"embeddable":true,"href":"https:\/\/amis-parc-foret-orient.fr\/index.php\/wp-json\/wp\/v2\/users\/1"}],"replies":[{"embeddable":true,"href":"https:\/\/amis-parc-foret-orient.fr\/index.php\/wp-json\/wp\/v2\/comments?post=5112"}],"wp:attached-to":[{"embeddable":true,"post_type":"post","id":5111,"href":"https:\/\/amis-parc-foret-orient.fr\/index.php\/wp-json\/wp\/v2\/posts\/5111"}],"curies":[{"name":"wp","href":"https:\/\/api.w.org\/{rel}","templated":true}]}}